{"id":925,"date":"2022-05-25T08:06:15","date_gmt":"2022-05-25T08:06:15","guid":{"rendered":"https:\/\/www.ewa.lu\/wer-sind-wir\/historique\/"},"modified":"2025-10-06T13:38:45","modified_gmt":"2025-10-06T13:38:45","slug":"historique","status":"publish","type":"page","link":"https:\/\/www.ewa.lu\/lu\/iwwert-ons\/historique\/","title":{"rendered":"Onsen Historique"},"content":{"rendered":"<h2><strong><em>Back in the past\u2026 <\/em><\/strong><\/h2>\n<p>Am Joer 2001 hunn de Charles ENSCH, Yves WALLERS a Ren\u00e9 ALTMANN, d\u00e9i als Steier- a Wirtschaftsberoder s\u00e4it 1975, 1989 bzw. 1970 aktiv waren, decid\u00e9iert hir Kompetenzen ze b\u00fcndelen an <strong>ewa<\/strong> \u00ebnnert dem Numm \u201cFiduciaire Ensch, Wallers et Associ\u00e9s SA an d\u2019Liewen ze ruffen.<\/p>\n<p>Kuerz duerno hu si Luxsalaires S.A. (Sozialsekretariat) a FIRELUX S.A. (Domiciliatioun) gegr\u00ebnnt, fir d\u2019Aktivit\u00e9iten vum Grupp ze vervollst\u00e4nnegen.<\/p>\n<p>Nodeems de Ren\u00e9 ALTMANN am Joer 2004 de Grupp verlooss huet, sinn 2005 den Daniel REDING an 2007 de Marco FIEGER, b\u00e9id Steier- a Wirtschaftsberoder, dob\u00e4ikomm.<\/p>\n<p>D\u2019Firma huet de Numm an \u201cEWA Fiduciaire S.A.\u201d ge\u00e4nnert nodeems och de Charles ENSCH 2010 seng aktiv Karri\u00e4r un de Nol gehaangen huet.<\/p>\n<p>&nbsp;<\/p>\n<h2><strong><em>2021 and beyond\u2026<\/em><\/strong><\/h2>\n<p>D\u2019Joer 2021 stellt fir <strong>ewa<\/strong> e wichtege Wendepunkt duer.<\/p>\n<p>Mat der Iwwernam vun der zu Dikrech us\u00e4sseger Fiduciaire Thill am Juni 2021 w\u00ebll <strong>ewa<\/strong> s\u00e9ng Maartpositioun wieder st\u00e4erken an den Effectif vum ganzen Grupp kl\u00ebmmt op ronn 60 Mataarbechter.<\/p>\n<p>Mamm Andr\u00e9 STEICHEN, Gilles WALLERS an Andy ZENNER klammen nom Austrieden vum Daniel REDING dr\u00e4i weider Steier- a Wirtschaftsberoder als nei Partner an d\u2019Gesch\u00e4ftsf\u00e9ierung vun <strong>ewa<\/strong> eran.<\/p>\n<p>Zur gl\u00e4icher Z\u00e4it an an Zesummenaarbecht mam Charles BASSING g\u00ebtt EWA Consulting S.A. an d\u2019Liewe geruff.<\/p>\n<p>D\u00ebst neit Gesch\u00e4ftsfeld erweidert d\u2019Palette vun der <strong>ewa-<\/strong>Grupp mat Berodungs- an \u00cbnnerst\u00ebtzungsleeschtungen.<\/p>\n<p>Am Ufank vum Joer 2022 komplett\u00e9iert de Sam KRIES, s\u00e4it 2019 Direkter bei Luxsalaires S.A., d\u2019Team vun de Partner vum Grupp.<\/p>\n<p>Am Laaf vum Joer 2023, verl\u00e9isst den Andy ZENNER den Aktionnariat vun EWA an de Bob KAILS an de Charles BASSING stoussen zu der Equipe vun der Partner.<\/p>\n<p>Enn 2023 geet den Yves WALLERS a seng wuelverdingten Pensioun a verl\u00e9isst EWA.<\/p>\n<p>&nbsp;<\/p>\n<h2><strong><em>Today\u2026<\/em><\/strong><\/h2>\n<p>Haut besteet d\u2019<strong>ewa<\/strong>-Grupp aus 5 Entreprisen a besch\u00e4ftegt ronn 60 Mataarbechter, wat eis zur gr\u00e9isster Steier- a Wirtschaftsberodungsgesellschaft am Norden vum Land m\u00ebscht.<\/p>\n<p>D\u00e9i ugebueden D\u00e9ngschtleeschtungen souw\u00e9i d\u2019Professionalit\u00e9it an d\u2019Erfarung vun de Mataarbechter bas\u00e9ieren op staarke W\u00e4erter w\u00e9i Qualit\u00e9it, Kompetenz, Dynamik, Teamgeescht, Proximit\u00e9it, Respekt a Vertrauen.<\/p>\n<p>&nbsp;<\/p>\n<h2><em><strong>Fit for future&#8230;<\/strong><\/em><\/h2>\n<p>D\u00ebs W\u00e4erter erm\u00e9iglechen et <strong>ewa<\/strong> d\u00e9i n\u00e4chst grouss Projet\u2019en an aller Rou unzegoen; Projet\u2019en w\u00e9i beispillsweis de Plang an e multifunktionalen Komplex, deen d\u2019Wirtschaftspositioun vun der zuk\u00fcnfteger Nordstad ber\u00e4ichere w\u00e4ert, ze pl\u00ebnneren.<\/p>\n<p>&nbsp;<\/p>\n<h2><em><strong>Mission statement<\/strong><\/em><\/h2>\n<p>\u00ab Als Nr. 1 am Norde vum Land, mat enger dynamescher, kompetenter a proaktiver Equipe bidden mir qualitativ h\u00e9ichw\u00e4erteg D\u00e9ngschtleeschtungen un, d\u00e9i et ons erm\u00e9iglechen, ons Client\u2018en bei hire Projet\u2018en an Ambitiounen z&#8217;\u00ebnnerst\u00ebtzen an sou ons Client\u00e8le ze bannen an z\u2018erweiteren. \u00bb<\/p>\n","protected":false},"excerpt":{"rendered":"<p>Back in the past\u2026 Am Joer 2001 hunn de Charles ENSCH, Yves WALLERS a Ren\u00e9 ALTMANN, d\u00e9i als Steier- a Wirtschaftsberoder s\u00e4it 1975, 1989 bzw. 1970 aktiv waren, decid\u00e9iert hir Kompetenzen ze b\u00fcndelen an ewa \u00ebnnert dem Numm \u201cFiduciaire Ensch, Wallers et Associ\u00e9s SA an d\u2019Liewen ze ruffen. Kuerz duerno hu si Luxsalaires S.A. (Sozialsekretariat) [&hellip;]<\/p>\n","protected":false},"author":1,"featured_media":0,"parent":701,"menu_order":32,"comment_status":"closed","ping_status":"closed","template":"page-history.php","meta":{"_acf_changed":false,"footnotes":""},"acf":[],"yoast_head":"<!-- This site is optimized with the Yoast SEO plugin v22.7 - https:\/\/yoast.com\/wordpress\/plugins\/seo\/ -->\n<title>Onsen Historique - ewa<\/title>\n<meta name=\"description\" content=\"EWA ass d\u00e9i f\u00e9ierend Fiduzi\u00e4r am Norden vum Land \u2013 zanter 2001 mat Kompetenz, Qualit\u00e9it an engem dynamesche Team fir seng Clienten do.\" \/>\n<meta name=\"robots\" content=\"index, follow, max-snippet:-1, max-image-preview:large, max-video-preview:-1\" \/>\n<link rel=\"canonical\" href=\"https:\/\/www.ewa.lu\/lu\/iwwert-ons\/historique\/\" \/>\n<meta property=\"og:locale\" content=\"en_US\" \/>\n<meta property=\"og:type\" content=\"article\" \/>\n<meta property=\"og:title\" content=\"Onsen Historique\" \/>\n<meta property=\"og:description\" content=\"EWA ass d\u00e9i f\u00e9ierend Fiduzi\u00e4r am Norden vum Land \u2013 zanter 2001 mat Kompetenz, Qualit\u00e9it an engem dynamesche Team fir seng Clienten do.\" \/>\n<meta property=\"og:url\" content=\"https:\/\/www.ewa.lu\/lu\/iwwert-ons\/historique\/\" \/>\n<meta property=\"og:site_name\" content=\"ewa\" \/>\n<meta property=\"article:publisher\" content=\"https:\/\/www.facebook.com\/EWA-Fiduciaire-SA-108851964673834\" \/>\n<meta property=\"article:modified_time\" content=\"2025-10-06T13:38:45+00:00\" \/>\n<meta property=\"og:image\" content=\"https:\/\/www.ewa.lu\/wp-content\/uploads\/2025\/09\/OGT_accueil_1200x630.jpg\" \/>\n\t<meta property=\"og:image:width\" content=\"1200\" \/>\n\t<meta property=\"og:image:height\" content=\"630\" \/>\n\t<meta property=\"og:image:type\" content=\"image\/jpeg\" \/>\n<meta name=\"twitter:card\" content=\"summary_large_image\" \/>\n<meta name=\"twitter:label1\" content=\"Est. reading time\" \/>\n\t<meta name=\"twitter:data1\" content=\"3 minutes\" \/>\n<script type=\"application\/ld+json\" class=\"yoast-schema-graph\">{\"@context\":\"https:\/\/schema.org\",\"@graph\":[{\"@type\":\"WebPage\",\"@id\":\"https:\/\/www.ewa.lu\/lu\/iwwert-ons\/historique\/\",\"url\":\"https:\/\/www.ewa.lu\/lu\/iwwert-ons\/historique\/\",\"name\":\"Onsen Historique - ewa\",\"isPartOf\":{\"@id\":\"https:\/\/www.ewa.lu\/#website\"},\"datePublished\":\"2022-05-25T08:06:15+00:00\",\"dateModified\":\"2025-10-06T13:38:45+00:00\",\"description\":\"EWA ass d\u00e9i f\u00e9ierend Fiduzi\u00e4r am Norden vum Land \u2013 zanter 2001 mat Kompetenz, Qualit\u00e9it an engem dynamesche Team fir seng Clienten do.\",\"breadcrumb\":{\"@id\":\"https:\/\/www.ewa.lu\/lu\/iwwert-ons\/historique\/#breadcrumb\"},\"inLanguage\":\"LB-lu\",\"potentialAction\":[{\"@type\":\"ReadAction\",\"target\":[\"https:\/\/www.ewa.lu\/lu\/iwwert-ons\/historique\/\"]}]},{\"@type\":\"BreadcrumbList\",\"@id\":\"https:\/\/www.ewa.lu\/lu\/iwwert-ons\/historique\/#breadcrumb\",\"itemListElement\":[{\"@type\":\"ListItem\",\"position\":1,\"name\":\"Home\",\"item\":\"https:\/\/www.ewa.lu\/lu\/\"},{\"@type\":\"ListItem\",\"position\":2,\"name\":\"Iwwert ons\",\"item\":\"https:\/\/www.ewa.lu\/lu\/iwwert-ons\/\"},{\"@type\":\"ListItem\",\"position\":3,\"name\":\"Onsen Historique\"}]},{\"@type\":\"WebSite\",\"@id\":\"https:\/\/www.ewa.lu\/#website\",\"url\":\"https:\/\/www.ewa.lu\/\",\"name\":\"ewa\",\"description\":\"\u00c4r Br\u00e9ck fir d\u2019Zukunft!\",\"publisher\":{\"@id\":\"https:\/\/www.ewa.lu\/#organization\"},\"alternateName\":\"Fiduciaire ewa\",\"potentialAction\":[{\"@type\":\"SearchAction\",\"target\":{\"@type\":\"EntryPoint\",\"urlTemplate\":\"https:\/\/www.ewa.lu\/?s={search_term_string}\"},\"query-input\":\"required name=search_term_string\"}],\"inLanguage\":\"LB-lu\"},{\"@type\":\"Organization\",\"@id\":\"https:\/\/www.ewa.lu\/#organization\",\"name\":\"ewa\",\"alternateName\":\"Fiduciaire EWA\",\"url\":\"https:\/\/www.ewa.lu\/\",\"logo\":{\"@type\":\"ImageObject\",\"inLanguage\":\"LB-lu\",\"@id\":\"https:\/\/www.ewa.lu\/#\/schema\/logo\/image\/\",\"url\":\"https:\/\/www.ewa.lu\/wp-content\/uploads\/2022\/11\/EWA-Logo.jpg\",\"contentUrl\":\"https:\/\/www.ewa.lu\/wp-content\/uploads\/2022\/11\/EWA-Logo.jpg\",\"width\":756,\"height\":756,\"caption\":\"ewa\"},\"image\":{\"@id\":\"https:\/\/www.ewa.lu\/#\/schema\/logo\/image\/\"},\"sameAs\":[\"https:\/\/www.facebook.com\/EWA-Fiduciaire-SA-108851964673834\",\"https:\/\/www.instagram.com\/ewa_ettelbreck_diekirch\/\"]}]}<\/script>\n<!-- \/ Yoast SEO plugin. -->","yoast_head_json":{"title":"Onsen Historique - ewa","description":"EWA ass d\u00e9i f\u00e9ierend Fiduzi\u00e4r am Norden vum Land \u2013 zanter 2001 mat Kompetenz, Qualit\u00e9it an engem dynamesche Team fir seng Clienten do.","robots":{"index":"index","follow":"follow","max-snippet":"max-snippet:-1","max-image-preview":"max-image-preview:large","max-video-preview":"max-video-preview:-1"},"canonical":"https:\/\/www.ewa.lu\/lu\/iwwert-ons\/historique\/","og_locale":"en_US","og_type":"article","og_title":"Onsen Historique","og_description":"EWA ass d\u00e9i f\u00e9ierend Fiduzi\u00e4r am Norden vum Land \u2013 zanter 2001 mat Kompetenz, Qualit\u00e9it an engem dynamesche Team fir seng Clienten do.","og_url":"https:\/\/www.ewa.lu\/lu\/iwwert-ons\/historique\/","og_site_name":"ewa","article_publisher":"https:\/\/www.facebook.com\/EWA-Fiduciaire-SA-108851964673834","article_modified_time":"2025-10-06T13:38:45+00:00","og_image":[{"width":1200,"height":630,"url":"https:\/\/www.ewa.lu\/wp-content\/uploads\/2025\/09\/OGT_accueil_1200x630.jpg","type":"image\/jpeg"}],"twitter_card":"summary_large_image","twitter_misc":{"Est. reading time":"3 minutes"},"schema":{"@context":"https:\/\/schema.org","@graph":[{"@type":"WebPage","@id":"https:\/\/www.ewa.lu\/lu\/iwwert-ons\/historique\/","url":"https:\/\/www.ewa.lu\/lu\/iwwert-ons\/historique\/","name":"Onsen Historique - ewa","isPartOf":{"@id":"https:\/\/www.ewa.lu\/#website"},"datePublished":"2022-05-25T08:06:15+00:00","dateModified":"2025-10-06T13:38:45+00:00","description":"EWA ass d\u00e9i f\u00e9ierend Fiduzi\u00e4r am Norden vum Land \u2013 zanter 2001 mat Kompetenz, Qualit\u00e9it an engem dynamesche Team fir seng Clienten do.","breadcrumb":{"@id":"https:\/\/www.ewa.lu\/lu\/iwwert-ons\/historique\/#breadcrumb"},"inLanguage":"LB-lu","potentialAction":[{"@type":"ReadAction","target":["https:\/\/www.ewa.lu\/lu\/iwwert-ons\/historique\/"]}]},{"@type":"BreadcrumbList","@id":"https:\/\/www.ewa.lu\/lu\/iwwert-ons\/historique\/#breadcrumb","itemListElement":[{"@type":"ListItem","position":1,"name":"Home","item":"https:\/\/www.ewa.lu\/lu\/"},{"@type":"ListItem","position":2,"name":"Iwwert ons","item":"https:\/\/www.ewa.lu\/lu\/iwwert-ons\/"},{"@type":"ListItem","position":3,"name":"Onsen Historique"}]},{"@type":"WebSite","@id":"https:\/\/www.ewa.lu\/#website","url":"https:\/\/www.ewa.lu\/","name":"ewa","description":"\u00c4r Br\u00e9ck fir d\u2019Zukunft!","publisher":{"@id":"https:\/\/www.ewa.lu\/#organization"},"alternateName":"Fiduciaire ewa","potentialAction":[{"@type":"SearchAction","target":{"@type":"EntryPoint","urlTemplate":"https:\/\/www.ewa.lu\/?s={search_term_string}"},"query-input":"required name=search_term_string"}],"inLanguage":"LB-lu"},{"@type":"Organization","@id":"https:\/\/www.ewa.lu\/#organization","name":"ewa","alternateName":"Fiduciaire EWA","url":"https:\/\/www.ewa.lu\/","logo":{"@type":"ImageObject","inLanguage":"LB-lu","@id":"https:\/\/www.ewa.lu\/#\/schema\/logo\/image\/","url":"https:\/\/www.ewa.lu\/wp-content\/uploads\/2022\/11\/EWA-Logo.jpg","contentUrl":"https:\/\/www.ewa.lu\/wp-content\/uploads\/2022\/11\/EWA-Logo.jpg","width":756,"height":756,"caption":"ewa"},"image":{"@id":"https:\/\/www.ewa.lu\/#\/schema\/logo\/image\/"},"sameAs":["https:\/\/www.facebook.com\/EWA-Fiduciaire-SA-108851964673834","https:\/\/www.instagram.com\/ewa_ettelbreck_diekirch\/"]}]}},"_links":{"self":[{"href":"https:\/\/www.ewa.lu\/lu\/wp-json\/wp\/v2\/pages\/925"}],"collection":[{"href":"https:\/\/www.ewa.lu\/lu\/wp-json\/wp\/v2\/pages"}],"about":[{"href":"https:\/\/www.ewa.lu\/lu\/wp-json\/wp\/v2\/types\/page"}],"author":[{"embeddable":true,"href":"https:\/\/www.ewa.lu\/lu\/wp-json\/wp\/v2\/users\/1"}],"replies":[{"embeddable":true,"href":"https:\/\/www.ewa.lu\/lu\/wp-json\/wp\/v2\/comments?post=925"}],"version-history":[{"count":18,"href":"https:\/\/www.ewa.lu\/lu\/wp-json\/wp\/v2\/pages\/925\/revisions"}],"predecessor-version":[{"id":3198,"href":"https:\/\/www.ewa.lu\/lu\/wp-json\/wp\/v2\/pages\/925\/revisions\/3198"}],"up":[{"embeddable":true,"href":"https:\/\/www.ewa.lu\/lu\/wp-json\/wp\/v2\/pages\/701"}],"wp:attachment":[{"href":"https:\/\/www.ewa.lu\/lu\/wp-json\/wp\/v2\/media?parent=925"}],"curies":[{"name":"wp","href":"https:\/\/api.w.org\/{rel}","templated":true}]}}